{"id":6263,"date":"2024-09-19T12:09:58","date_gmt":"2024-09-19T10:09:58","guid":{"rendered":"https:\/\/einitia.com\/kit\/?post_type=ova_sev&#038;p=6263"},"modified":"2024-09-19T12:52:33","modified_gmt":"2024-09-19T10:52:33","slug":"gestion-de-la-facturacion-y-factura-electronica","status":"publish","type":"ova_sev","link":"https:\/\/einitia.com\/kit\/service\/gestion-de-la-facturacion-y-factura-electronica\/","title":{"rendered":"Gesti\u00f3n de la facturaci\u00f3n y factura electr\u00f3nica"},"content":{"rendered":"\t\t<div data-elementor-type=\"wp-post\" data-elementor-id=\"6263\" class=\"elementor elementor-6263\">\n\t\t\t\t\t\t<section class=\"elementor-section elementor-top-section elementor-element elementor-element-fe81f3f elementor-section-boxed elementor-section-height-default elementor-section-height-default\" data-id=\"fe81f3f\" data-element_type=\"section\">\n\t\t\t\t\t\t<div class=\"elementor-container elementor-column-gap-no\">\n\t\t\t\t\t<div class=\"elementor-column elementor-col-100 elementor-top-column elementor-element elementor-element-365e4a2\" data-id=\"365e4a2\" data-element_type=\"column\">\n\t\t\t<div class=\"elementor-widget-wrap elementor-element-populated\">\n\t\t\t\t\t\t<div class=\"elementor-element elementor-element-792e8f6 elementor-widget elementor-widget-heading\" data-id=\"792e8f6\" data-element_type=\"widget\" data-widget_type=\"heading.default\">\n\t\t\t\t<div class=\"elementor-widget-container\">\n\t\t\t<h2 class=\"elementor-heading-title elementor-size-default\">Gesti\u00f3n de la facturaci\u00f3n y factura electr\u00f3nica<\/h2>\t\t<\/div>\n\t\t\t\t<\/div>\n\t\t\t\t<div class=\"elementor-element elementor-element-d2abf93 elementor-widget elementor-widget-text-editor\" data-id=\"d2abf93\" data-element_type=\"widget\" data-widget_type=\"text-editor.default\">\n\t\t\t\t<div class=\"elementor-widget-container\">\n\t\t\t\t\t\t\t<div class=\"lc-inline_block_cd64ad28746f73273d316824a310ac02-edit block block-layout-builder block-field-blocknodesolution-packagefield-subtitle\"><div class=\"clearfix text-formatted field field--name-field-subtitle field--type-text-long field--label-hidden field__item\"><p>Con esta soluci\u00f3n podr\u00e1s tener digitalizado el flujo de emisi\u00f3n y recepci\u00f3n de las facturas de tus clientes y proveedores, asegurando la digitalizaci\u00f3n y securizaci\u00f3n de tus procesos de negocio.<\/p><\/div><\/div><div class=\"lc-inline_block_7cef724adecd853060d694955712d755-edit block block-layout-builder block-field-blocknodesolution-packagebody\"><div class=\"clearfix text-formatted field field--name-body field--type-text-with-summary field--label-hidden field__item\"><h2 class=\"h2_title_underlined\">Funcionalidades y servicios<\/h2><div><ul><li class=\"paragraph\"><strong>Facturas en formato estructurado:<\/strong>\u00a0tendr\u00e1s la posibilidad emitir facturas en formatos estructurados, al menos en formato FACTURA-E, para facilitar su tratamiento automatizado.<\/li><li class=\"paragraph\"><strong>Facturas ilimitadas:<\/strong>\u00a0podr\u00e1s emitir y recibir un n\u00famero ilimitado de facturas.<\/li><li class=\"paragraph\"><strong>Clientes ilimitados:<\/strong>\u00a0tendr\u00e1s la capacidad de enviar facturas a un n\u00famero ilimitado de clientes.<\/li><li class=\"paragraph\"><strong>Productos o servicios ilimitados:<\/strong>\u00a0podr\u00e1s crear un n\u00famero ilimitado de productos y\/o servicios facturables dentro del cat\u00e1logo.<\/li><li class=\"paragraph\"><strong>Env\u00edo y recepci\u00f3n de facturas:<\/strong>\u00a0la soluci\u00f3n implantada por el Agente Digitalizador de tu elecci\u00f3n te posibilitar\u00e1 enviar y recibir facturas electr\u00f3nicas directamente, al menos por correo electr\u00f3nico.<\/li><li class=\"paragraph\"><strong>Personalizaci\u00f3n de facturas:<\/strong>\u00a0las facturas ser\u00e1n personalizables, incluyendo la selecci\u00f3n de tu logotipo.<\/li><li class=\"paragraph\"><strong>Copias de seguridad peri\u00f3dicas:<\/strong>\u00a0podr\u00e1s realizar copias de seguridad, con posibilidad de,\u00a0al menos,\u00a0una periodicidad diaria.<\/li><li class=\"paragraph\"><strong>Almacenamiento\/Hist\u00f3rico de facturas:<\/strong>\u00a0Si perteneces a los segmentos I, II o III tendr\u00e1s, al menos, 1 GB para las facturas.\u00a0Para los segmentos IV y V se proporcionar\u00e1 un almacenamiento de, al menos, 10 GB.<\/li><li class=\"paragraph\"><strong>Integraci\u00f3n con otras soluciones:<\/strong>\u00a0la soluci\u00f3n deber\u00e1 disponer de APIs o Web Services para su integraci\u00f3n con otras herramientas, as\u00ed como permitir la carga de datos de manera manual.<\/li><li class=\"paragraph\"><strong>Control de vencimiento de las facturas:<\/strong>\u00a0tendr\u00e1s un sistema de control del vencimiento de las facturas.<\/li><li class=\"paragraph\"><strong>Generaci\u00f3n de un registro de facturaci\u00f3n:<\/strong>\u00a0la soluci\u00f3n te permitir\u00e1 generar un registro de facturaci\u00f3n, de forma simult\u00e1nea o inmediatamente anterior a la expedici\u00f3n de cada factura.<\/li><li class=\"paragraph\"><strong>Emisi\u00f3n de facturas verificables:<\/strong>\u00a0la soluci\u00f3n deber\u00e1 habilitar la emisi\u00f3n de facturas, tanto en papel como de forma electr\u00f3nica, que puedan ser verificables con la Agencia Tributaria por parte del comprador.<\/li><li class=\"paragraph\"><strong>Verificaci\u00f3n presencial:<\/strong>\u00a0la soluci\u00f3n deber\u00e1 permitir la verificaci\u00f3n presencial del registro de facturaci\u00f3n por parte de las autoridades competentes.<\/li><li class=\"paragraph\"><strong>Declaraci\u00f3n responsable:<\/strong>\u00a0la soluci\u00f3n deber\u00e1 disponer de una declaraci\u00f3n responsable por parte del fabricante o desarrollador acreditando que el software cumple con la normativa tributaria vigente.<\/li><li class=\"paragraph\"><strong>Cumplimiento:\u00a0<\/strong>podr\u00e1s asegurar el cumplimiento de la normativa aplicable, en concreto el Reglamento por el que se regulan las obligaciones de facturaci\u00f3n del Real Decreto 1619\/2012, los requisitos del art\u00edculo 29.2.j) de la Ley 58\/2003, de 17 de diciembre, General Tributaria y su normativa de desarrollo, as\u00ed como cualquier normativa de aplicaci\u00f3n.<\/li><\/ul><\/div><\/div><\/div>\t\t\t\t\t\t<\/div>\n\t\t\t\t<\/div>\n\t\t\t\t\t<\/div>\n\t\t<\/div>\n\t\t\t\t\t<\/div>\n\t\t<\/section>\n\t\t\t\t<\/div>\n\t\t","protected":false},"excerpt":{"rendered":"<p>Con esta soluci\u00f3n podr\u00e1s tener digitalizado el flujo de emisi\u00f3n y recepci\u00f3n de las facturas de tus clientes y proveedores, asegurando la digitalizaci\u00f3n y securizaci\u00f3n de tus procesos de negocio.<\/p>\n","protected":false},"featured_media":6265,"comment_status":"closed","ping_status":"closed","template":"","cat_sev":[36],"class_list":["post-6263","ova_sev","type-ova_sev","status-publish","has-post-thumbnail","hentry","cat_sev-solucion-digital"],"yoast_head":"<!-- This site is optimized with the Yoast SEO plugin v23.4 - https:\/\/yoast.com\/wordpress\/plugins\/seo\/ -->\n<title>Gesti\u00f3n de la facturaci\u00f3n y factura electr\u00f3nica - Einitia<\/title>\n<meta name=\"robots\" content=\"index, follow, max-snippet:-1, max-image-preview:large, max-video-preview:-1\" \/>\n<link rel=\"canonical\" href=\"https:\/\/einitia.com\/kit\/service\/gestion-de-la-facturacion-y-factura-electronica\/\" \/>\n<meta property=\"og:locale\" content=\"es_ES\" \/>\n<meta property=\"og:type\" content=\"article\" \/>\n<meta property=\"og:title\" content=\"Gesti\u00f3n de la facturaci\u00f3n y factura electr\u00f3nica - Einitia\" \/>\n<meta property=\"og:description\" content=\"Con esta soluci\u00f3n podr\u00e1s tener digitalizado el flujo de emisi\u00f3n y recepci\u00f3n de las facturas de tus clientes y proveedores, asegurando la digitalizaci\u00f3n y securizaci\u00f3n de tus procesos de negocio.\" \/>\n<meta property=\"og:url\" content=\"https:\/\/einitia.com\/kit\/service\/gestion-de-la-facturacion-y-factura-electronica\/\" \/>\n<meta property=\"og:site_name\" content=\"Einitia\" \/>\n<meta property=\"article:modified_time\" content=\"2024-09-19T10:52:33+00:00\" \/>\n<meta property=\"og:image\" content=\"https:\/\/einitia.com\/kit\/wp-content\/uploads\/2024\/09\/Business-concepts-03-24.png\" \/>\n\t<meta property=\"og:image:width\" content=\"615\" \/>\n\t<meta property=\"og:image:height\" content=\"483\" \/>\n\t<meta property=\"og:image:type\" content=\"image\/png\" \/>\n<meta name=\"twitter:card\" content=\"summary_large_image\" \/>\n<meta name=\"twitter:label1\" content=\"Tiempo de lectura\" \/>\n\t<meta name=\"twitter:data1\" content=\"2 minutos\" \/>\n<script type=\"application\/ld+json\" class=\"yoast-schema-graph\">{\"@context\":\"https:\/\/schema.org\",\"@graph\":[{\"@type\":\"WebPage\",\"@id\":\"https:\/\/einitia.com\/kit\/service\/gestion-de-la-facturacion-y-factura-electronica\/\",\"url\":\"https:\/\/einitia.com\/kit\/service\/gestion-de-la-facturacion-y-factura-electronica\/\",\"name\":\"Gesti\u00f3n de la facturaci\u00f3n y factura electr\u00f3nica - Einitia\",\"isPartOf\":{\"@id\":\"https:\/\/einitia.com\/kit\/#website\"},\"primaryImageOfPage\":{\"@id\":\"https:\/\/einitia.com\/kit\/service\/gestion-de-la-facturacion-y-factura-electronica\/#primaryimage\"},\"image\":{\"@id\":\"https:\/\/einitia.com\/kit\/service\/gestion-de-la-facturacion-y-factura-electronica\/#primaryimage\"},\"thumbnailUrl\":\"https:\/\/einitia.com\/kit\/wp-content\/uploads\/2024\/09\/Business-concepts-03-24.png\",\"datePublished\":\"2024-09-19T10:09:58+00:00\",\"dateModified\":\"2024-09-19T10:52:33+00:00\",\"breadcrumb\":{\"@id\":\"https:\/\/einitia.com\/kit\/service\/gestion-de-la-facturacion-y-factura-electronica\/#breadcrumb\"},\"inLanguage\":\"es\",\"potentialAction\":[{\"@type\":\"ReadAction\",\"target\":[\"https:\/\/einitia.com\/kit\/service\/gestion-de-la-facturacion-y-factura-electronica\/\"]}]},{\"@type\":\"ImageObject\",\"inLanguage\":\"es\",\"@id\":\"https:\/\/einitia.com\/kit\/service\/gestion-de-la-facturacion-y-factura-electronica\/#primaryimage\",\"url\":\"https:\/\/einitia.com\/kit\/wp-content\/uploads\/2024\/09\/Business-concepts-03-24.png\",\"contentUrl\":\"https:\/\/einitia.com\/kit\/wp-content\/uploads\/2024\/09\/Business-concepts-03-24.png\",\"width\":615,\"height\":483,\"caption\":\"Factura Electronica\"},{\"@type\":\"BreadcrumbList\",\"@id\":\"https:\/\/einitia.com\/kit\/service\/gestion-de-la-facturacion-y-factura-electronica\/#breadcrumb\",\"itemListElement\":[{\"@type\":\"ListItem\",\"position\":1,\"name\":\"Portada\",\"item\":\"https:\/\/einitia.com\/kit\/\"},{\"@type\":\"ListItem\",\"position\":2,\"name\":\"Service\",\"item\":\"https:\/\/einitia.com\/kit\/service\/\"},{\"@type\":\"ListItem\",\"position\":3,\"name\":\"Gesti\u00f3n de la facturaci\u00f3n y factura electr\u00f3nica\"}]},{\"@type\":\"WebSite\",\"@id\":\"https:\/\/einitia.com\/kit\/#website\",\"url\":\"https:\/\/einitia.com\/kit\/\",\"name\":\"Einitia\",\"description\":\"Kit Digital \",\"potentialAction\":[{\"@type\":\"SearchAction\",\"target\":{\"@type\":\"EntryPoint\",\"urlTemplate\":\"https:\/\/einitia.com\/kit\/?s={search_term_string}\"},\"query-input\":{\"@type\":\"PropertyValueSpecification\",\"valueRequired\":true,\"valueName\":\"search_term_string\"}}],\"inLanguage\":\"es\"}]}<\/script>\n<!-- \/ Yoast SEO plugin. -->","yoast_head_json":{"title":"Gesti\u00f3n de la facturaci\u00f3n y factura electr\u00f3nica - Einitia","robots":{"index":"index","follow":"follow","max-snippet":"max-snippet:-1","max-image-preview":"max-image-preview:large","max-video-preview":"max-video-preview:-1"},"canonical":"https:\/\/einitia.com\/kit\/service\/gestion-de-la-facturacion-y-factura-electronica\/","og_locale":"es_ES","og_type":"article","og_title":"Gesti\u00f3n de la facturaci\u00f3n y factura electr\u00f3nica - Einitia","og_description":"Con esta soluci\u00f3n podr\u00e1s tener digitalizado el flujo de emisi\u00f3n y recepci\u00f3n de las facturas de tus clientes y proveedores, asegurando la digitalizaci\u00f3n y securizaci\u00f3n de tus procesos de negocio.","og_url":"https:\/\/einitia.com\/kit\/service\/gestion-de-la-facturacion-y-factura-electronica\/","og_site_name":"Einitia","article_modified_time":"2024-09-19T10:52:33+00:00","og_image":[{"width":615,"height":483,"url":"https:\/\/einitia.com\/kit\/wp-content\/uploads\/2024\/09\/Business-concepts-03-24.png","type":"image\/png"}],"twitter_card":"summary_large_image","twitter_misc":{"Tiempo de lectura":"2 minutos"},"schema":{"@context":"https:\/\/schema.org","@graph":[{"@type":"WebPage","@id":"https:\/\/einitia.com\/kit\/service\/gestion-de-la-facturacion-y-factura-electronica\/","url":"https:\/\/einitia.com\/kit\/service\/gestion-de-la-facturacion-y-factura-electronica\/","name":"Gesti\u00f3n de la facturaci\u00f3n y factura electr\u00f3nica - Einitia","isPartOf":{"@id":"https:\/\/einitia.com\/kit\/#website"},"primaryImageOfPage":{"@id":"https:\/\/einitia.com\/kit\/service\/gestion-de-la-facturacion-y-factura-electronica\/#primaryimage"},"image":{"@id":"https:\/\/einitia.com\/kit\/service\/gestion-de-la-facturacion-y-factura-electronica\/#primaryimage"},"thumbnailUrl":"https:\/\/einitia.com\/kit\/wp-content\/uploads\/2024\/09\/Business-concepts-03-24.png","datePublished":"2024-09-19T10:09:58+00:00","dateModified":"2024-09-19T10:52:33+00:00","breadcrumb":{"@id":"https:\/\/einitia.com\/kit\/service\/gestion-de-la-facturacion-y-factura-electronica\/#breadcrumb"},"inLanguage":"es","potentialAction":[{"@type":"ReadAction","target":["https:\/\/einitia.com\/kit\/service\/gestion-de-la-facturacion-y-factura-electronica\/"]}]},{"@type":"ImageObject","inLanguage":"es","@id":"https:\/\/einitia.com\/kit\/service\/gestion-de-la-facturacion-y-factura-electronica\/#primaryimage","url":"https:\/\/einitia.com\/kit\/wp-content\/uploads\/2024\/09\/Business-concepts-03-24.png","contentUrl":"https:\/\/einitia.com\/kit\/wp-content\/uploads\/2024\/09\/Business-concepts-03-24.png","width":615,"height":483,"caption":"Factura Electronica"},{"@type":"BreadcrumbList","@id":"https:\/\/einitia.com\/kit\/service\/gestion-de-la-facturacion-y-factura-electronica\/#breadcrumb","itemListElement":[{"@type":"ListItem","position":1,"name":"Portada","item":"https:\/\/einitia.com\/kit\/"},{"@type":"ListItem","position":2,"name":"Service","item":"https:\/\/einitia.com\/kit\/service\/"},{"@type":"ListItem","position":3,"name":"Gesti\u00f3n de la facturaci\u00f3n y factura electr\u00f3nica"}]},{"@type":"WebSite","@id":"https:\/\/einitia.com\/kit\/#website","url":"https:\/\/einitia.com\/kit\/","name":"Einitia","description":"Kit Digital ","potentialAction":[{"@type":"SearchAction","target":{"@type":"EntryPoint","urlTemplate":"https:\/\/einitia.com\/kit\/?s={search_term_string}"},"query-input":{"@type":"PropertyValueSpecification","valueRequired":true,"valueName":"search_term_string"}}],"inLanguage":"es"}]}},"_links":{"self":[{"href":"https:\/\/einitia.com\/kit\/wp-json\/wp\/v2\/ova_sev\/6263","targetHints":{"allow":["GET"]}}],"collection":[{"href":"https:\/\/einitia.com\/kit\/wp-json\/wp\/v2\/ova_sev"}],"about":[{"href":"https:\/\/einitia.com\/kit\/wp-json\/wp\/v2\/types\/ova_sev"}],"replies":[{"embeddable":true,"href":"https:\/\/einitia.com\/kit\/wp-json\/wp\/v2\/comments?post=6263"}],"version-history":[{"count":4,"href":"https:\/\/einitia.com\/kit\/wp-json\/wp\/v2\/ova_sev\/6263\/revisions"}],"predecessor-version":[{"id":6268,"href":"https:\/\/einitia.com\/kit\/wp-json\/wp\/v2\/ova_sev\/6263\/revisions\/6268"}],"wp:featuredmedia":[{"embeddable":true,"href":"https:\/\/einitia.com\/kit\/wp-json\/wp\/v2\/media\/6265"}],"wp:attachment":[{"href":"https:\/\/einitia.com\/kit\/wp-json\/wp\/v2\/media?parent=6263"}],"wp:term":[{"taxonomy":"cat_sev","embeddable":true,"href":"https:\/\/einitia.com\/kit\/wp-json\/wp\/v2\/cat_sev?post=6263"}],"curies":[{"name":"wp","href":"https:\/\/api.w.org\/{rel}","templated":true}]}}